{"id":236,"date":"2021-07-01T11:43:00","date_gmt":"2021-07-01T09:43:00","guid":{"rendered":"http:\/\/www.gruene-bag-verkehr.de\/?page_id=236"},"modified":"2025-09-13T10:33:31","modified_gmt":"2025-09-13T08:33:31","slug":"frauen-machen-mobilitaet","status":"publish","type":"page","link":"https:\/\/www.gruene-bag-verkehr.de\/?page_id=236","title":{"rendered":"Frauen machen Mobil(it\u00e4t)"},"content":{"rendered":"\n<p><strong>SAVE THE DATE<\/strong><\/p>\n\n\n\n<p><strong>Am Samstag, 15. November 2025<br>online 10-16.30 UHR<br>findet wieder die gro\u00dfe Mobilit\u00e4tskonferenz statt:<br><br>&#8222;FRAUEN MACHEN MOBILIT\u00c4T&#8220;<br>-Superkombi Rad &amp; Bahn-<\/strong><\/p>\n\n\n\n<p><strong>Wir laden Euch herzlich dazu ein!<\/strong><\/p>\n\n\n\n<figure class=\"wp-block-image size-large\"><img decoding=\"async\" loading=\"lazy\" width=\"800\" height=\"249\" src=\"https:\/\/www.gruene-bag-verkehr.de\/wp-content\/uploads\/2025\/09\/FMM-2025--800x249.png\" alt=\"\" class=\"wp-image-849\" srcset=\"https:\/\/www.gruene-bag-verkehr.de\/wp-content\/uploads\/2025\/09\/FMM-2025--800x249.png 800w, https:\/\/www.gruene-bag-verkehr.de\/wp-content\/uploads\/2025\/09\/FMM-2025--400x124.png 400w, https:\/\/www.gruene-bag-verkehr.de\/wp-content\/uploads\/2025\/09\/FMM-2025--768x239.png 768w, https:\/\/www.gruene-bag-verkehr.de\/wp-content\/uploads\/2025\/09\/FMM-2025--1536x478.png 1536w, https:\/\/www.gruene-bag-verkehr.de\/wp-content\/uploads\/2025\/09\/FMM-2025--2048x637.png 2048w, https:\/\/www.gruene-bag-verkehr.de\/wp-content\/uploads\/2025\/09\/FMM-2025--150x47.png 150w\" sizes=\"(max-width: 800px) 100vw, 800px\" \/><\/figure>\n\n\n\n<p>Mobilit\u00e4t bedeutet mehr als nur von A nach B zu kommen \u2013 sie soll nachhaltig, sicher und gerecht f\u00fcr alle sein. Frauen gestalten diese Zukunft aktiv mit. Die &#8222;<strong>Superkombi Rad &amp; Bahn&#8220;<\/strong>&nbsp;ist der Schl\u00fcssel f\u00fcr eine flexible, umweltfreundliche und sozial gerechte Mobilit\u00e4t. Genau das wollen wir gemeinsam erreichen.<\/p>\n\n\n\n<p><strong>Mobilit\u00e4t braucht eine feministische Perspektive und unsere klugen, lauten Stimmen.<\/strong><br>Wir fordern eine Mobilit\u00e4tswende, die <strong>die Schw\u00e4chsten sch\u00fctzt, das Klima schont und uns alle verbindet<\/strong>. Internationale Klimaziele und gesellschaftliche Ver\u00e4nderungen zeigen den Weg \u2013 und wir gehen ihn gemeinsam!<\/p>\n\n\n\n<p>Lasst uns zusammen \u00fcber L\u00f6sungen sprechen, die <strong>Leichtigkeit, Freiheit und Sicherheit<\/strong> in unseren Alltag bringen. F\u00fcr eine zukunftsweisende Mobilit\u00e4t, die <strong>saubere Luft, leisere St\u00e4dte und \u00f6ffentliche R\u00e4ume f\u00fcr alle erm\u00f6glicht.<\/strong><\/p>\n\n\n\n<p>Wir freuen uns auf einen inspirierenden Tag <strong>mit Euch und vielen spannenden Expert*innen aus der Mobilit\u00e4tsszene<\/strong>. Weitere Programmdetails folgen in K\u00fcrze!<br><br>Folgt uns bis dahin gerne schon einmal auf <strong>Insatgram<\/strong> <strong>@FRAUEN_MACHEN_MOBIL<\/strong> oder besucht unsere <strong><a href=\"https:\/\/www.frauenmachenmobilitaet.de\/\">Website.<\/a><\/strong><br><br><strong>Euer FMM-Team<\/strong><\/p>\n\n\n\n<p>Susanne Menge, Oda Hassepass, Swantje Michaelsen, Madeleine Richter, Anne Burckhardt-Sch\u00f6n, Vera B\u00fcnte, Silke G\u00e4nger, Julia Stock, Catrin Wahlen<\/p>\n\n\n\n<p><br><br><br>Die Konferenz ist kostenlos und f\u00fcr alle offen.<br>N\u00e4here Infos mit Anmelde-Link folgen zeitnah.<\/p>\n\n\n\n<figure class=\"wp-block-embed is-type-wp-embed is-provider-frauen-machen-mobilitat wp-block-embed-frauen-machen-mobilitat\"><div class=\"wp-block-embed__wrapper\">\n<blockquote class=\"wp-embedded-content\" data-secret=\"SOYlFlGp3W\"><a href=\"https:\/\/www.frauenmachenmobilitaet.de\/\">Startseite<\/a><\/blockquote><iframe class=\"wp-embedded-content\" sandbox=\"allow-scripts\" security=\"restricted\" style=\"position: absolute; clip: rect(1px, 1px, 1px, 1px);\" title=\"&#8222;Startseite&#8220; &#8212; Frauen machen Mobilit\u00e4t\" src=\"https:\/\/www.frauenmachenmobilitaet.de\/embed\/#?secret=VF5h8UG5IM#?secret=SOYlFlGp3W\" data-secret=\"SOYlFlGp3W\" width=\"600\" height=\"338\" frameborder=\"0\" marginwidth=\"0\" marginheight=\"0\" scrolling=\"no\"><\/iframe>\n<\/div><\/figure>\n\n\n\n<p><\/p>\n\n\n\n<p><br><strong>Archiv: <\/strong>Link zum <a rel=\"noreferrer noopener\" href=\"https:\/\/www.gruene-bag-verkehr.de\/?termine=kongress-frauen-machen-mobilitaet\" target=\"_blank\">Programm<\/a> des Kongresses am 03.07.2021<\/p>\n","protected":false},"excerpt":{"rendered":"<p>SAVE THE DATE Am Samstag, 15. November 2025online 10-16.30 UHRfindet wieder die gro\u00dfe Mobilit\u00e4tskonferenz statt: &#8222;FRAUEN MACHEN MOBILIT\u00c4T&#8220;-Superkombi Rad &amp; Bahn- Wir laden Euch herzlich dazu ein! Mobilit\u00e4t bedeutet mehr&#8230; <\/p>\n","protected":false},"author":9,"featured_media":0,"parent":15,"menu_order":0,"comment_status":"closed","ping_status":"closed","template":"","meta":[],"_links":{"self":[{"href":"https:\/\/www.gruene-bag-verkehr.de\/index.php?rest_route=\/wp\/v2\/pages\/236"}],"collection":[{"href":"https:\/\/www.gruene-bag-verkehr.de\/index.php?rest_route=\/wp\/v2\/pages"}],"about":[{"href":"https:\/\/www.gruene-bag-verkehr.de\/index.php?rest_route=\/wp\/v2\/types\/page"}],"author":[{"embeddable":true,"href":"https:\/\/www.gruene-bag-verkehr.de\/index.php?rest_route=\/wp\/v2\/users\/9"}],"replies":[{"embeddable":true,"href":"https:\/\/www.gruene-bag-verkehr.de\/index.php?rest_route=%2Fwp%2Fv2%2Fcomments&post=236"}],"version-history":[{"count":14,"href":"https:\/\/www.gruene-bag-verkehr.de\/index.php?rest_route=\/wp\/v2\/pages\/236\/revisions"}],"predecessor-version":[{"id":851,"href":"https:\/\/www.gruene-bag-verkehr.de\/index.php?rest_route=\/wp\/v2\/pages\/236\/revisions\/851"}],"up":[{"embeddable":true,"href":"https:\/\/www.gruene-bag-verkehr.de\/index.php?rest_route=\/wp\/v2\/pages\/15"}],"wp:attachment":[{"href":"https:\/\/www.gruene-bag-verkehr.de\/index.php?rest_route=%2Fwp%2Fv2%2Fmedia&parent=236"}],"curies":[{"name":"wp","href":"https:\/\/api.w.org\/{rel}","templated":true}]}}