{"id":416,"date":"2022-11-18T19:21:08","date_gmt":"2022-11-18T18:21:08","guid":{"rendered":"https:\/\/www.gruene-bag-verkehr.de\/?page_id=416"},"modified":"2022-12-14T11:44:30","modified_gmt":"2022-12-14T10:44:30","slug":"klimamobilitaetsplaene","status":"publish","type":"page","link":"https:\/\/www.gruene-bag-verkehr.de\/?page_id=416","title":{"rendered":"Klimamobilit\u00e4tspl\u00e4ne"},"content":{"rendered":"\n<p>Zum Thema Klimamobilit\u00e4tspl\u00e4ne hat sich ein Arbeitskreis innerhalb der BAG gegr\u00fcndet. <\/p>\n\n\n\n<p><em>Start:<\/em> November 2022<\/p>\n\n\n\n<p><em>Ziel:<\/em> Erfahrungsaustausch zwischen kommunalen Praktikern und den \u00fcbergeordneten Ebenen (Land, Bund, EU) zum Thema \u201eMobilit\u00e4tspl\u00e4ne und Klimaschutz\u201c<\/p>\n\n\n\n<p><em>Themen, die bearbeitet werden:<\/em><\/p>\n\n\n\n<ul><li>Klimamobilit\u00e4tspl\u00e4ne und ihre praktische Umsetzung (F\u00f6rderung, Methodik, Wirkungsbeobachtung&#8230;)<\/li><li>Integration kommunaler Mobilit\u00e4tspl\u00e4ne in Klimastrategien von Bund, Land und Kommune<\/li><li>Hilfen zur F\u00f6rderlandschaft von EU \u2013 Bund- Land<\/li><li>L\u00e4nderspezifische Herangehensweisen: Hilfen f\u00fcr LAGen (Teilnahme mit Mitgliedern auf LAG Veranstaltungen)<\/li><li>Unterst\u00fctzung bei der Formulierung von Wahlprogrammen<\/li><\/ul>\n\n\n\n<p><em>Arbeitsweise<\/em>: Viertelj\u00e4hrliches Online Treffen zu vorbereiteten Themen mit viel Zeit f\u00fcr Erfahrungsaustausch, offen f\u00fcr alle Interessierten. Informeller Austausch von e-mails.<\/p>\n\n\n\n<p><em>Kontakt \u00fcber:<\/em> Niklas Sieber niklas.sieber (a) gmx.de<\/p>\n\n\n\n<p>Was ist ein <a href=\"https:\/\/www.gruene-bag-verkehr.de\/wp-content\/uploads\/2022\/10\/TOP-9-b_Kllimamobilitaetsplaene-in-BW_Erdmenger_2022-09-15.pdf\">Klimamobilit\u00e4tsplan<\/a> (KMP)?<\/p>\n\n\n\n<p><a href=\"https:\/\/www.aktivmobil-bw.de\/aktuelles\/news\/auftaktveranstaltungen-fuer-klimamobilitaetsplaene\/\">Auftakt<\/a> zu KMPs in Baden-W\u00fcrttemberg.<\/p>\n\n\n\n<p>KMP-Entwurf in Freiburg: <a href=\"https:\/\/gruen-in-freiburg.de\/ob-wir-2030-und-2040-unsere-klimaziele-im-verkehr-erreichen-entscheiden-wir-heute\/\">Einf\u00fchrung und erste Stellungnahme<\/a><\/p>\n\n\n\n<p>Prozess in <a href=\"https:\/\/www.freiburg.de\/pb\/,Lde\/1966574.html\">Freiburg<\/a><\/p>\n\n\n\n<p>KMP in Freiburg, gr\u00fcne <a href=\"https:\/\/fraktion.gruene-freiburg.de\/2022\/10\/06\/klimamobilitaetsplan\/\">Fraktion<\/a><\/p>\n\n\n\n<p>Dokumente zu KMP in Freiburg, wie in die Offenlage verabschiedet:&nbsp;<a href=\"https:\/\/www.gruene-bag-verkehr.de\/wp-content\/uploads\/2022\/10\/KMP_Leitbild.pdf\">KMP_Leitbild,&nbsp;<\/a> <a href=\"https:\/\/www.gruene-bag-verkehr.de\/wp-content\/uploads\/2022\/10\/KMP_Bericht_Entwurf.pdf\">KMP_Bericht_Entwurf<\/a>,&nbsp;<a href=\"https:\/\/www.gruene-bag-verkehr.de\/wp-content\/uploads\/2022\/10\/KMP_Massnahmensteckbriefe.pdf\">KMP_Massnahmensteckbriefe<\/a><\/p>\n\n\n\n<p>Klimamobilit\u00e4tsplan <a href=\"https:\/\/www.heidelberg.de\/hd\/HD\/service\/18_10_2022+der+verkehrsentwicklungsplan+wird+zum+klimamobilitaetsplan.html\">Heidelberg<\/a><\/p>\n\n\n\n<p>Klimamobilit\u00e4tsplan <a href=\"https:\/\/www.stuttgart.de\/klimamobilitaetsplan\">Stuttgart<\/a><\/p>\n\n\n\n<p>Downloads zu unserem Themenabend Klimamobilit\u00e4tspl\u00e4nen finden sich unter <a href=\"https:\/\/www.gruene-bag-verkehr.de\/?page_id=451\">Dokumente<\/a>.<\/p>\n","protected":false},"excerpt":{"rendered":"<p>Zum Thema Klimamobilit\u00e4tspl\u00e4ne hat sich ein Arbeitskreis innerhalb der BAG gegr\u00fcndet. Start: November 2022 Ziel: Erfahrungsaustausch zwischen kommunalen Praktikern und den \u00fcbergeordneten Ebenen (Land, Bund, EU) zum Thema \u201eMobilit\u00e4tspl\u00e4ne und&#8230; <\/p>\n","protected":false},"author":9,"featured_media":0,"parent":412,"menu_order":0,"comment_status":"closed","ping_status":"closed","template":"","meta":[],"_links":{"self":[{"href":"https:\/\/www.gruene-bag-verkehr.de\/index.php?rest_route=\/wp\/v2\/pages\/416"}],"collection":[{"href":"https:\/\/www.gruene-bag-verkehr.de\/index.php?rest_route=\/wp\/v2\/pages"}],"about":[{"href":"https:\/\/www.gruene-bag-verkehr.de\/index.php?rest_route=\/wp\/v2\/types\/page"}],"author":[{"embeddable":true,"href":"https:\/\/www.gruene-bag-verkehr.de\/index.php?rest_route=\/wp\/v2\/users\/9"}],"replies":[{"embeddable":true,"href":"https:\/\/www.gruene-bag-verkehr.de\/index.php?rest_route=%2Fwp%2Fv2%2Fcomments&post=416"}],"version-history":[{"count":9,"href":"https:\/\/www.gruene-bag-verkehr.de\/index.php?rest_route=\/wp\/v2\/pages\/416\/revisions"}],"predecessor-version":[{"id":545,"href":"https:\/\/www.gruene-bag-verkehr.de\/index.php?rest_route=\/wp\/v2\/pages\/416\/revisions\/545"}],"up":[{"embeddable":true,"href":"https:\/\/www.gruene-bag-verkehr.de\/index.php?rest_route=\/wp\/v2\/pages\/412"}],"wp:attachment":[{"href":"https:\/\/www.gruene-bag-verkehr.de\/index.php?rest_route=%2Fwp%2Fv2%2Fmedia&parent=416"}],"curies":[{"name":"wp","href":"https:\/\/api.w.org\/{rel}","templated":true}]}}