{"id":451,"date":"2022-12-07T15:56:01","date_gmt":"2022-12-07T14:56:01","guid":{"rendered":"https:\/\/www.gruene-bag-verkehr.de\/?page_id=451"},"modified":"2023-04-15T07:59:46","modified_gmt":"2023-04-15T05:59:46","slug":"dokumente-2","status":"publish","type":"page","link":"https:\/\/www.gruene-bag-verkehr.de\/?page_id=451","title":{"rendered":"Dokumente"},"content":{"rendered":"\n<p><strong>Grundsatzpapiere<\/strong><\/p>\n\n\n\n<p>Ideensammlung zur <a href=\"https:\/\/www.gruene-bag-verkehr.de\/wp-content\/uploads\/2021\/02\/Ideensammlung-BAG-MoVe-BTW2021.pdf\" data-type=\"URL\" data-id=\"https:\/\/www.gruene-bag-verkehr.de\/wp-content\/uploads\/2021\/02\/Ideensammlung-BAG-MoVe-BTW2021.pdf\">Bundestagswahl<\/a> 2021<\/p>\n\n\n<p><!-- \/wp:paragraph --><\/p>\n<p><!-- \/wp:paragraph --><\/p>\n<p><!-- wp:paragraph --><\/p>\n<p>Positionspapier la\u0308ndlicher Raum <a href=\"https:\/\/www.gruene-bag-verkehr.de\/wp-content\/uploads\/2019\/02\/Positionspapier-la\u0308ndl.-Raum-1.docx\">2018<\/a><\/p>\n<p><!-- \/wp:paragraph --><\/p>\n<p><!-- wp:paragraph --><\/p>\n<p>Kasseler Appell II <a href=\"https:\/\/www.gruene-bag-verkehr.de\/wp-content\/uploads\/2019\/02\/Kasseler-Appell-II-.docx\">2017 zur Bundestagswahl<\/a><\/p>\n<p><!-- \/wp:paragraph --><\/p>\n<p><!-- wp:buttons --><\/p>\n<div class=\"wp-block-buttons\"><!-- wp:button -->\n<p>\u00a0<\/p>\n<div class=\"wp-block-button\">\u00a0<\/div>\n<\/div>\n<p><!-- \/wp:buttons --><\/p>\n<p><!-- wp:paragraph --><\/p>\n<p><strong>Pr\u00e4sentationen<\/strong><\/p>\n<p><!-- \/wp:paragraph --><\/p>\n<p><!-- wp:file {\"id\":213,\"href\":\"https:\/\/www.gruene-bag-verkehr.de\/wp-content\/uploads\/2020\/11\/Eisenbahnstrategie-f\u00fcr-mehr-Klimaschutz-6-Kernthesen.pdf\"} --><\/p>\n<div class=\"wp-block-file\"><a href=\"https:\/\/www.gruene-bag-verkehr.de\/wp-content\/uploads\/2020\/11\/Eisenbahnstrategie-f\u00fcr-mehr-Klimaschutz-6-Kernthesen.pdf\">Eisenbahnstrategie 6 Kernthesen Steinig\/Dr. Busche 10.2020<\/a><a class=\"wp-block-file__button\" href=\"https:\/\/www.gruene-bag-verkehr.de\/wp-content\/uploads\/2020\/11\/Eisenbahnstrategie-f\u00fcr-mehr-Klimaschutz-6-Kernthesen.pdf\" download=\"\">Herunterladen<\/a><\/div>\n<p><!-- \/wp:file --><\/p>\n<p><!-- wp:file {\"id\":212,\"href\":\"https:\/\/www.gruene-bag-verkehr.de\/wp-content\/uploads\/2020\/11\/Eisenbahnstrategie-f\u00fcr-mehr-Klimaschutz-Pr\u00e4sentation-am-24.10.2020-BAG.pdf\"} --><\/p>\n<div class=\"wp-block-file\"><a href=\"https:\/\/www.gruene-bag-verkehr.de\/wp-content\/uploads\/2020\/11\/Eisenbahnstrategie-f\u00fcr-mehr-Klimaschutz-Pr\u00e4sentation-am-24.10.2020-BAG.pdf\">Eisenbahnstrategie f\u00fcr Klimaschutz Steinig\/Dr. Busche 10.2020<\/a><a class=\"wp-block-file__button\" href=\"https:\/\/www.gruene-bag-verkehr.de\/wp-content\/uploads\/2020\/11\/Eisenbahnstrategie-f\u00fcr-mehr-Klimaschutz-Pr\u00e4sentation-am-24.10.2020-BAG.pdf\" download=\"\">Herunterladen<\/a><\/div>\n<p><!-- \/wp:file --><\/p>\n<p><!-- wp:file {\"id\":210,\"href\":\"https:\/\/www.gruene-bag-verkehr.de\/wp-content\/uploads\/2020\/11\/Pr\u00e4sentation-Deutschlandtakt-2020-10-24.pdf\"} --><\/p>\n<div class=\"wp-block-file\"><a href=\"https:\/\/www.gruene-bag-verkehr.de\/wp-content\/uploads\/2020\/11\/Pr\u00e4sentation-Deutschlandtakt-2020-10-24.pdf\">Deutschlandtakt Hans Leister 10.2020<\/a><a class=\"wp-block-file__button\" href=\"https:\/\/www.gruene-bag-verkehr.de\/wp-content\/uploads\/2020\/11\/Pr\u00e4sentation-Deutschlandtakt-2020-10-24.pdf\" download=\"\">Herunterladen<\/a><\/div>\n<p><!-- \/wp:file --><\/p>\n<p><!-- wp:file {\"id\":211,\"href\":\"https:\/\/www.gruene-bag-verkehr.de\/wp-content\/uploads\/2020\/11\/Pr\u00e4sentation-Region-Hannover-Vinken.pptx\"} --><\/p>\n<div class=\"wp-block-file\"><a href=\"https:\/\/www.gruene-bag-verkehr.de\/wp-content\/uploads\/2020\/11\/Pr\u00e4sentation-Region-Hannover-Vinken.pptx\">Mobilit\u00e4tswende Region Hannover Conrad Vinken 10.2020<\/a><a class=\"wp-block-file__button\" href=\"https:\/\/www.gruene-bag-verkehr.de\/wp-content\/uploads\/2020\/11\/Pr\u00e4sentation-Region-Hannover-Vinken.pptx\" download=\"\">Herunterladen<\/a><\/div>\n<p><!-- \/wp:file --><\/p>\n<p><!-- wp:file {\"id\":58,\"href\":\"https:\/\/www.gruene-bag-verkehr.de\/wp-content\/uploads\/2019\/02\/Pra\u0308sentation-SRU-1-1.pptx\"} --><\/p>\n<div class=\"wp-block-file\"><a href=\"https:\/\/www.gruene-bag-verkehr.de\/wp-content\/uploads\/2019\/02\/Pra\u0308sentation-SRU-1-1.pptx\">Pra\u0308sentation SRU 1<\/a><a class=\"wp-block-file__button\" href=\"https:\/\/www.gruene-bag-verkehr.de\/wp-content\/uploads\/2019\/02\/Pra\u0308sentation-SRU-1-1.pptx\" download=\"\">Herunterladen<\/a><\/div>\n<p><!-- \/wp:file --><\/p>\n<p><!-- wp:file {\"id\":198,\"href\":\"https:\/\/www.gruene-bag-verkehr.de\/wp-content\/uploads\/2020\/02\/BAG-SUMP-19-11-01.pdf\"} --><\/p>\n<div class=\"wp-block-file\"><a href=\"https:\/\/www.gruene-bag-verkehr.de\/wp-content\/uploads\/2020\/02\/BAG-SUMP-19-11-01.pdf\">Sieber: Nachhaltige Mobilit\u00e4tspl\u00e4ne f\u00fcr Kommunen und Regionen (Nov. 2019)<\/a><a class=\"wp-block-file__button\" href=\"https:\/\/www.gruene-bag-verkehr.de\/wp-content\/uploads\/2020\/02\/BAG-SUMP-19-11-01.pdf\" download=\"\">Herunterladen<\/a><\/div>\n<p><!-- \/wp:file --><\/p>\n<p><!-- wp:file {\"id\":186,\"href\":\"https:\/\/www.gruene-bag-verkehr.de\/wp-content\/uploads\/2019\/12\/Halbtax-im-O\u0308PNV-WVI-BAG-MoVe-2019-Nov.pdf\"} --><\/p>\n<div class=\"wp-block-file\"><a href=\"https:\/\/www.gruene-bag-verkehr.de\/wp-content\/uploads\/2019\/12\/Halbtax-im-O\u0308PNV-WVI-BAG-MoVe-2019-Nov.pdf\">Halbtax-im-O\u0308PNV-WVI-BAG-MoVe-2019-Nov<\/a><a class=\"wp-block-file__button\" href=\"https:\/\/www.gruene-bag-verkehr.de\/wp-content\/uploads\/2019\/12\/Halbtax-im-O\u0308PNV-WVI-BAG-MoVe-2019-Nov.pdf\" download=\"\">Herunterladen<\/a><\/div>\n<p><!-- \/wp:file --><\/p>\n<p><!-- wp:file {\"id\":184,\"href\":\"https:\/\/www.gruene-bag-verkehr.de\/wp-content\/uploads\/2019\/12\/Berschin_Finanzreform-Eisenbahnpolitik-_La\u0308nder.pptx\"} --><\/p>\n<div class=\"wp-block-file\"><a href=\"https:\/\/www.gruene-bag-verkehr.de\/wp-content\/uploads\/2019\/12\/Berschin_Finanzreform-Eisenbahnpolitik-_La\u0308nder.pptx\">Berschin_Finanzreform-Eisenbahnpolitik-_La\u0308nder<\/a><a class=\"wp-block-file__button\" href=\"https:\/\/www.gruene-bag-verkehr.de\/wp-content\/uploads\/2019\/12\/Berschin_Finanzreform-Eisenbahnpolitik-_La\u0308nder.pptx\" download=\"\">Herunterladen<\/a><\/div>\n<p><!-- \/wp:file --><\/p>\n<p><!-- wp:file {\"id\":188,\"href\":\"https:\/\/www.gruene-bag-verkehr.de\/wp-content\/uploads\/2019\/12\/Greenshipping-ist-Gru\u0308n.pptx\"} --><\/p>\n<div class=\"wp-block-file\"><a href=\"https:\/\/www.gruene-bag-verkehr.de\/wp-content\/uploads\/2019\/12\/Greenshipping-ist-Gru\u0308n.pptx\">Greenshipping-ist-Gru\u0308n<\/a><a class=\"wp-block-file__button\" href=\"https:\/\/www.gruene-bag-verkehr.de\/wp-content\/uploads\/2019\/12\/Greenshipping-ist-Gru\u0308n.pptx\" download=\"\">Herunterladen<\/a><\/div>\n<p><!-- \/wp:file --><\/p>\n<p><!-- wp:file {\"id\":187,\"href\":\"https:\/\/www.gruene-bag-verkehr.de\/wp-content\/uploads\/2019\/12\/Pra\u0308sentation-Hahn-1.pptx\"} --><\/p>\n<div class=\"wp-block-file\"><a href=\"https:\/\/www.gruene-bag-verkehr.de\/wp-content\/uploads\/2019\/12\/Pra\u0308sentation-Hahn-1.pptx\">Pra\u0308sentation-Hahn-1<\/a><a class=\"wp-block-file__button\" href=\"https:\/\/www.gruene-bag-verkehr.de\/wp-content\/uploads\/2019\/12\/Pra\u0308sentation-Hahn-1.pptx\" download=\"\">Herunterladen<\/a><\/div>\n<p><!-- \/wp:file --><\/p>\n<p><!-- wp:file {\"id\":190,\"href\":\"https:\/\/www.gruene-bag-verkehr.de\/wp-content\/uploads\/2019\/12\/Pra\u0308sentation-Hahn-3.pptx\"} --><\/p>\n<div class=\"wp-block-file\"><a href=\"https:\/\/www.gruene-bag-verkehr.de\/wp-content\/uploads\/2019\/12\/Pra\u0308sentation-Hahn-3.pptx\">Pra\u0308sentation-Hahn-3<\/a><a class=\"wp-block-file__button\" href=\"https:\/\/www.gruene-bag-verkehr.de\/wp-content\/uploads\/2019\/12\/Pra\u0308sentation-Hahn-3.pptx\" download=\"\">Herunterladen<\/a><\/div>\n<p><!-- \/wp:file --><\/p>\n<p><!-- wp:file {\"id\":189,\"href\":\"https:\/\/www.gruene-bag-verkehr.de\/wp-content\/uploads\/2019\/12\/Pra\u0308sentationHahn3.1.pptx\"} --><\/p>\n<div class=\"wp-block-file\"><a href=\"https:\/\/www.gruene-bag-verkehr.de\/wp-content\/uploads\/2019\/12\/Pra\u0308sentationHahn3.1.pptx\">Pra\u0308sentationHahn3.1<\/a><a class=\"wp-block-file__button\" href=\"https:\/\/www.gruene-bag-verkehr.de\/wp-content\/uploads\/2019\/12\/Pra\u0308sentationHahn3.1.pptx\" download=\"\">Herunterladen<\/a><\/div>\n<p><!-- \/wp:file --><\/p>\n<p><!-- wp:file {\"id\":185,\"href\":\"https:\/\/www.gruene-bag-verkehr.de\/wp-content\/uploads\/2019\/12\/civity_Wiener_Modell_365_Euro_Ticket.pptx\"} --><\/p>\n<div class=\"wp-block-file\"><a href=\"https:\/\/www.gruene-bag-verkehr.de\/wp-content\/uploads\/2019\/12\/civity_Wiener_Modell_365_Euro_Ticket.pptx\">civity_Wiener_Modell_365_Euro_Ticket<\/a><a class=\"wp-block-file__button\" href=\"https:\/\/www.gruene-bag-verkehr.de\/wp-content\/uploads\/2019\/12\/civity_Wiener_Modell_365_Euro_Ticket.pptx\" download=\"\">Herunterladen<\/a><\/div>\n<p><!-- \/wp:file --><\/p>\n<p><!-- wp:paragraph --><\/p>\n<p>Weitere Pr\u00e4sentationen finden sich in der Cloud der BAG MoVe im gr\u00fcnen Netz.<\/p>\n<p><!-- wp:heading --><\/p>\n<p>\u00a0<\/p>\n<p><!-- \/wp:paragraph --><\/p>\n<p><!-- \/wp:paragraph --><\/p>\n<p><!-- wp:paragraph --><\/p>\n<p><strong>BAG &#8211; Themenabend zu Bewohner*innenparken<\/strong><\/p>\n<p><!-- wp:paragraph --><\/p>\n<p><a href=\"https:\/\/www.gruene-bag-verkehr.de\/wp-content\/uploads\/2023\/03\/2022-08-08-Bewohnerparkgebuehren_Bundesweite-Uebersicht_M-Zimmermann_update-26-Maerz-2023.pdf\" data-type=\"URL\">Bewohner:innenparkgeb\u00fchren: Eine \u00dcbersicht der BAG und Argumentationshilfen f\u00fcr die Arbeit vor Ort<\/a><\/p>\n<p><!-- \/wp:paragraph --> <!-- wp:file {\"id\":368,\"href\":\"https:\/\/www.gruene-bag-verkehr.de\/wp-content\/uploads\/2022\/09\/AKP-5_2022_Anwohnerparken_Monika-Zimmermann-fuer-BAG.pdf\",\"displayPreview\":false} --><\/p>\n<div class=\"wp-block-file\">\u00a0<\/div>\n<p><!-- \/wp:file --> <!-- wp:paragraph --><\/p>\n<p>\u00a0<\/p>\n<p><!-- \/wp:paragraph --><\/p>\n<p><strong>Thesenpapiere von Susanne Menge (Ex-Sprecherin)<\/strong><\/p>\n<p><!-- \/wp:paragraph --><\/p>\n<p><!-- wp:file {\"id\":51,\"href\":\"https:\/\/www.gruene-bag-verkehr.de\/wp-content\/uploads\/2019\/02\/10-Punkte-zum-Diesel-1.docx\"} --><\/p>\n<div class=\"wp-block-file\"><a href=\"https:\/\/www.gruene-bag-verkehr.de\/wp-content\/uploads\/2019\/02\/10-Punkte-zum-Diesel-1.docx\">10-Punkte zum Diesel<\/a><a class=\"wp-block-file__button\" href=\"https:\/\/www.gruene-bag-verkehr.de\/wp-content\/uploads\/2019\/02\/10-Punkte-zum-Diesel-1.docx\" download=\"\">Herunterladen<\/a><\/div>\n<p><!-- \/wp:file --><\/p>\n<p><!-- wp:file {\"id\":56,\"href\":\"https:\/\/www.gruene-bag-verkehr.de\/wp-content\/uploads\/2019\/02\/mobil-in-die-Zukunft-2-1.pptx\"} --><\/p>\n<div class=\"wp-block-file\"><a href=\"https:\/\/www.gruene-bag-verkehr.de\/wp-content\/uploads\/2019\/02\/mobil-in-die-Zukunft-2-1.pptx\">mobil in die Zukunft 2<\/a><a class=\"wp-block-file__button\" href=\"https:\/\/www.gruene-bag-verkehr.de\/wp-content\/uploads\/2019\/02\/mobil-in-die-Zukunft-2-1.pptx\" download=\"\">Herunterladen<\/a><\/div>\n<p><!-- \/wp:file --><\/p>\n<p><!-- wp:paragraph --><\/p>\n<p>\u00a0<\/p>\n<p><strong>Bundesverkehrswegeplan Factsheets<\/strong><\/p>\n<p><a href=\"https:\/\/www.gruene-bag-verkehr.de\/wp-content\/uploads\/2023\/02\/Bundesverkehrswegeplan_Fact-Sheet_Aktualisiert-Dez.pdf\">Bundesverkehrswegeplan_Fact Sheet_Dez_2022<\/a><\/p>\n<p><a href=\"https:\/\/www.gruene-bag-verkehr.de\/wp-content\/uploads\/2023\/02\/BVWP_BAG_MoVe_15_Jan-23_Susanne-Menge.pdf\">BVWP_Langfassung_MoVe_15_Jan 23<\/a><\/p>\n<p><a href=\"https:\/\/www.gruene-bag-verkehr.de\/wp-content\/uploads\/2023\/02\/BVWP_Kurzfassung_15-Januar-2023.pdf\">BVWP_Kurzfassung_15 Januar 2023<\/a><\/p>\n<p>\u00a0<\/p>\n<p><strong>Sektorenkonferenz 2018 der BAGs Energie, Planen-Bauen-Wohnen und Mobilit\u00e4t&amp;Verkehr<\/strong><\/p>\n<p><!-- \/wp:paragraph --><\/p>\n<p><!-- wp:file {\"id\":153,\"href\":\"https:\/\/www.gruene-bag-verkehr.de\/wp-content\/uploads\/2019\/08\/Protokoll-Sektorenkop.-Konvent_15.-17.06.2018_Langfassung.pdf\"} --><\/p>\n<div class=\"wp-block-file\"><a href=\"https:\/\/www.gruene-bag-verkehr.de\/wp-content\/uploads\/2019\/08\/Protokoll-Sektorenkop.-Konvent_15.-17.06.2018_Langfassung.pdf\">Protokoll-Sektorenkop.-Konvent_15.-17.06.2018_Langfassung<\/a><a class=\"wp-block-file__button\" href=\"https:\/\/www.gruene-bag-verkehr.de\/wp-content\/uploads\/2019\/08\/Protokoll-Sektorenkop.-Konvent_15.-17.06.2018_Langfassung.pdf\" download=\"\">Herunterladen<\/a><\/div>\n<p><!-- \/wp:file --><\/p>\n<p><!-- wp:file {\"id\":152,\"href\":\"https:\/\/www.gruene-bag-verkehr.de\/wp-content\/uploads\/2019\/08\/Protokoll-Sektorenkop.-Konvent_15.-17.06.2018_Kurzfassung.pdf\"} --><\/p>\n<div class=\"wp-block-file\"><a href=\"https:\/\/www.gruene-bag-verkehr.de\/wp-content\/uploads\/2019\/08\/Protokoll-Sektorenkop.-Konvent_15.-17.06.2018_Kurzfassung.pdf\">Protokoll-Sektorenkop.-Konvent_15.-17.06.2018_Kurzfassung<\/a><a class=\"wp-block-file__button\" href=\"https:\/\/www.gruene-bag-verkehr.de\/wp-content\/uploads\/2019\/08\/Protokoll-Sektorenkop.-Konvent_15.-17.06.2018_Kurzfassung.pdf\" download=\"\">Herunterladen<\/a><\/div>\n<p><!-- \/wp:file --><\/p>\n<p><!-- wp:paragraph --><\/p>\n<p>Weitere Informationen, Beitr\u00e4ge und das 100 ProSim-Ergebnis des Konvents in Grafiken finden sich in der Cloud unter:<\/p>\n<p><!-- \/wp:paragraph --><\/p>\n<p><!-- wp:paragraph --><\/p>\n<p>Webseiter: www.cumuluswolke.de<\/p>\n<p><!-- \/wp:paragraph --><\/p>\n<p><!-- wp:paragraph --><\/p>\n<p>Benutzername: bagenergie<\/p>\n<p><!-- \/wp:paragraph --><\/p>\n<p><!-- wp:paragraph --><\/p>\n<p>Passwort Sektorkoppelung<\/p>\n<p>\u00a0<\/p>\n<p><strong>Weitere Dokumente<\/strong> finden sich in der Gr\u00fcnen Wolke, die nur f\u00fcr Parteimitglieder zug\u00e4nglich ist. Der Zugang hierf\u00fcr kann beim Team erfragt werden.\u00a0<\/p>\n<p><!-- \/wp:paragraph --><\/p>\n<p><!-- wp:paragraph --><\/p>\n<p><!-- \/wp:paragraph --><\/p>\n<p><!-- wp:image {\"id\":109} --><\/p>\n<figure class=\"wp-block-image\"><img decoding=\"async\" loading=\"lazy\" width=\"800\" height=\"540\" class=\"wp-image-109\" src=\"https:\/\/www.gruene-bag-verkehr.de\/wp-content\/uploads\/2019\/02\/Mathias-Ripp-flickr-800x540.jpg\" alt=\"\" srcset=\"https:\/\/www.gruene-bag-verkehr.de\/wp-content\/uploads\/2019\/02\/Mathias-Ripp-flickr-800x540.jpg 800w, https:\/\/www.gruene-bag-verkehr.de\/wp-content\/uploads\/2019\/02\/Mathias-Ripp-flickr-400x270.jpg 400w, https:\/\/www.gruene-bag-verkehr.de\/wp-content\/uploads\/2019\/02\/Mathias-Ripp-flickr-768x518.jpg 768w, https:\/\/www.gruene-bag-verkehr.de\/wp-content\/uploads\/2019\/02\/Mathias-Ripp-flickr-150x101.jpg 150w\" sizes=\"(max-width: 800px) 100vw, 800px\" \/>\n<figcaption>CC Matthias Ripp (flickr)<\/figcaption>\n<\/figure>\n<p><!-- \/wp:image --><\/p>","protected":false},"excerpt":{"rendered":"<p>Grundsatzpapiere Ideensammlung zur Bundestagswahl 2021 Positionspapier la\u0308ndlicher Raum 2018 Kasseler Appell II 2017 zur Bundestagswahl \u00a0 \u00a0 Pr\u00e4sentationen Eisenbahnstrategie 6 Kernthesen Steinig\/Dr. Busche 10.2020Herunterladen Eisenbahnstrategie f\u00fcr Klimaschutz Steinig\/Dr. Busche 10.2020Herunterladen&#8230; <\/p>\n","protected":false},"author":9,"featured_media":0,"parent":0,"menu_order":6,"comment_status":"closed","ping_status":"closed","template":"","meta":[],"_links":{"self":[{"href":"https:\/\/www.gruene-bag-verkehr.de\/index.php?rest_route=\/wp\/v2\/pages\/451"}],"collection":[{"href":"https:\/\/www.gruene-bag-verkehr.de\/index.php?rest_route=\/wp\/v2\/pages"}],"about":[{"href":"https:\/\/www.gruene-bag-verkehr.de\/index.php?rest_route=\/wp\/v2\/types\/page"}],"author":[{"embeddable":true,"href":"https:\/\/www.gruene-bag-verkehr.de\/index.php?rest_route=\/wp\/v2\/users\/9"}],"replies":[{"embeddable":true,"href":"https:\/\/www.gruene-bag-verkehr.de\/index.php?rest_route=%2Fwp%2Fv2%2Fcomments&post=451"}],"version-history":[{"count":27,"href":"https:\/\/www.gruene-bag-verkehr.de\/index.php?rest_route=\/wp\/v2\/pages\/451\/revisions"}],"predecessor-version":[{"id":649,"href":"https:\/\/www.gruene-bag-verkehr.de\/index.php?rest_route=\/wp\/v2\/pages\/451\/revisions\/649"}],"wp:attachment":[{"href":"https:\/\/www.gruene-bag-verkehr.de\/index.php?rest_route=%2Fwp%2Fv2%2Fmedia&parent=451"}],"curies":[{"name":"wp","href":"https:\/\/api.w.org\/{rel}","templated":true}]}}