{"id":503,"date":"2022-12-07T16:51:30","date_gmt":"2022-12-07T15:51:30","guid":{"rendered":"https:\/\/www.gruene-bag-verkehr.de\/?page_id=503"},"modified":"2022-12-07T16:58:40","modified_gmt":"2022-12-07T15:58:40","slug":"strassenverkehr","status":"publish","type":"page","link":"https:\/\/www.gruene-bag-verkehr.de\/?page_id=503","title":{"rendered":"Stra\u00dfenverkehr"},"content":{"rendered":"\n<p>Den Themenbereich Stra\u00dfenverkehr diskutieren wir vor allem aus der Sicht des Klimaschutzes. Hierbei spielt der Aspekt der Verkehrssicherheit und die \u00dcberarbeitung veralteter Aspekte in der Stra\u00dfenverkehrsordnung eine gro\u00dfe Rolle. Daneben beleuchten wir den Bundesverkehrswegeplan vor allem auf seine Stra\u00dfenausbauprojekte hin kritisch.  <\/p>\n\n\n\n<p>Mehr Informationen sowie abgestimmte Beschl\u00fcsse und Positionen zu diesem Themenbereich finden sich unter <a href=\"https:\/\/www.gruene-bag-verkehr.de\/?page_id=451\" data-type=\"URL\" data-id=\"https:\/\/www.gruene-bag-verkehr.de\/?page_id=451\">Dokumente<\/a>, vor allem in der Ideensammlung <a href=\"https:\/\/www.gruene-bag-verkehr.de\/wp-content\/uploads\/2021\/02\/Ideensammlung-BAG-MoVe-BTW2021.pdf\" data-type=\"URL\" data-id=\"https:\/\/www.gruene-bag-verkehr.de\/wp-content\/uploads\/2021\/02\/Ideensammlung-BAG-MoVe-BTW2021.pdf\">zur Bundestagswahl<\/a>.   <\/p>\n","protected":false},"excerpt":{"rendered":"<p>Den Themenbereich Stra\u00dfenverkehr diskutieren wir vor allem aus der Sicht des Klimaschutzes. Hierbei spielt der Aspekt der Verkehrssicherheit und die \u00dcberarbeitung veralteter Aspekte in der Stra\u00dfenverkehrsordnung eine gro\u00dfe Rolle. Daneben&#8230; <\/p>\n","protected":false},"author":9,"featured_media":0,"parent":17,"menu_order":4,"comment_status":"closed","ping_status":"closed","template":"","meta":[],"_links":{"self":[{"href":"https:\/\/www.gruene-bag-verkehr.de\/index.php?rest_route=\/wp\/v2\/pages\/503"}],"collection":[{"href":"https:\/\/www.gruene-bag-verkehr.de\/index.php?rest_route=\/wp\/v2\/pages"}],"about":[{"href":"https:\/\/www.gruene-bag-verkehr.de\/index.php?rest_route=\/wp\/v2\/types\/page"}],"author":[{"embeddable":true,"href":"https:\/\/www.gruene-bag-verkehr.de\/index.php?rest_route=\/wp\/v2\/users\/9"}],"replies":[{"embeddable":true,"href":"https:\/\/www.gruene-bag-verkehr.de\/index.php?rest_route=%2Fwp%2Fv2%2Fcomments&post=503"}],"version-history":[{"count":3,"href":"https:\/\/www.gruene-bag-verkehr.de\/index.php?rest_route=\/wp\/v2\/pages\/503\/revisions"}],"predecessor-version":[{"id":512,"href":"https:\/\/www.gruene-bag-verkehr.de\/index.php?rest_route=\/wp\/v2\/pages\/503\/revisions\/512"}],"up":[{"embeddable":true,"href":"https:\/\/www.gruene-bag-verkehr.de\/index.php?rest_route=\/wp\/v2\/pages\/17"}],"wp:attachment":[{"href":"https:\/\/www.gruene-bag-verkehr.de\/index.php?rest_route=%2Fwp%2Fv2%2Fmedia&parent=503"}],"curies":[{"name":"wp","href":"https:\/\/api.w.org\/{rel}","templated":true}]}}