{"id":508,"date":"2022-12-07T16:55:17","date_gmt":"2022-12-07T15:55:17","guid":{"rendered":"https:\/\/www.gruene-bag-verkehr.de\/?page_id=508"},"modified":"2022-12-07T16:59:07","modified_gmt":"2022-12-07T15:59:07","slug":"gueterverkehr-und-logistik","status":"publish","type":"page","link":"https:\/\/www.gruene-bag-verkehr.de\/?page_id=508","title":{"rendered":"G\u00fcterverkehr und Logistik"},"content":{"rendered":"\n<p>Im Gegensatz zu vielen anderen L\u00e4ndern in Europa transportiert Deutschland immer noch relativ wenig G\u00fcter auf der Schiene. Die Verlagerung von G\u00fctern auf die Schiene ist nicht nur ein zentraler Baustein zur Dekarbonisierung der Logistik, sondern entlastet auch die oft verstopften Autobahnen. Auch der soziale Aspekt und die prek\u00e4ren Arbeitsbedingungen vieler Lastwagenfahrer*innen ist hier nicht zu vernachl\u00e4ssigen. <\/p>\n\n\n\n<p><\/p>\n\n\n\n<p>Mehr Informationen sowie abgestimmte Beschl\u00fcsse und Positionen zu diesem Themenbereich finden sich unter <a href=\"https:\/\/www.gruene-bag-verkehr.de\/?page_id=451\" data-type=\"URL\" data-id=\"https:\/\/www.gruene-bag-verkehr.de\/?page_id=451\">Dokumente<\/a>, vor allem in der Ideensammlung <a href=\"https:\/\/www.gruene-bag-verkehr.de\/wp-content\/uploads\/2021\/02\/Ideensammlung-BAG-MoVe-BTW2021.pdf\" data-type=\"URL\" data-id=\"https:\/\/www.gruene-bag-verkehr.de\/wp-content\/uploads\/2021\/02\/Ideensammlung-BAG-MoVe-BTW2021.pdf\">zur Bundestagswahl<\/a>.  <\/p>\n","protected":false},"excerpt":{"rendered":"<p>Im Gegensatz zu vielen anderen L\u00e4ndern in Europa transportiert Deutschland immer noch relativ wenig G\u00fcter auf der Schiene. Die Verlagerung von G\u00fctern auf die Schiene ist nicht nur ein zentraler&#8230; <\/p>\n","protected":false},"author":9,"featured_media":0,"parent":17,"menu_order":5,"comment_status":"closed","ping_status":"closed","template":"","meta":[],"_links":{"self":[{"href":"https:\/\/www.gruene-bag-verkehr.de\/index.php?rest_route=\/wp\/v2\/pages\/508"}],"collection":[{"href":"https:\/\/www.gruene-bag-verkehr.de\/index.php?rest_route=\/wp\/v2\/pages"}],"about":[{"href":"https:\/\/www.gruene-bag-verkehr.de\/index.php?rest_route=\/wp\/v2\/types\/page"}],"author":[{"embeddable":true,"href":"https:\/\/www.gruene-bag-verkehr.de\/index.php?rest_route=\/wp\/v2\/users\/9"}],"replies":[{"embeddable":true,"href":"https:\/\/www.gruene-bag-verkehr.de\/index.php?rest_route=%2Fwp%2Fv2%2Fcomments&post=508"}],"version-history":[{"count":2,"href":"https:\/\/www.gruene-bag-verkehr.de\/index.php?rest_route=\/wp\/v2\/pages\/508\/revisions"}],"predecessor-version":[{"id":688,"href":"https:\/\/www.gruene-bag-verkehr.de\/index.php?rest_route=\/wp\/v2\/pages\/508\/revisions\/688"}],"up":[{"embeddable":true,"href":"https:\/\/www.gruene-bag-verkehr.de\/index.php?rest_route=\/wp\/v2\/pages\/17"}],"wp:attachment":[{"href":"https:\/\/www.gruene-bag-verkehr.de\/index.php?rest_route=%2Fwp%2Fv2%2Fmedia&parent=508"}],"curies":[{"name":"wp","href":"https:\/\/api.w.org\/{rel}","templated":true}]}}