{"id":604,"date":"2023-04-02T14:12:40","date_gmt":"2023-04-02T12:12:40","guid":{"rendered":"https:\/\/www.gruene-bag-verkehr.de\/?page_id=604"},"modified":"2024-05-15T19:30:51","modified_gmt":"2024-05-15T17:30:51","slug":"landesarbeitsgemeinschaften","status":"publish","type":"page","link":"https:\/\/www.gruene-bag-verkehr.de\/?page_id=604","title":{"rendered":"Landesarbeitsgemeinschaften"},"content":{"rendered":"\n<p><strong>Baden-W\u00fcrttemberg<\/strong><\/p>\n\n\n\n<p><a href=\"https:\/\/www.gruene-bw.de\/partei\/landesarbeitsgemeinschaften\/landesarbeitsgemeinschaft-mobilitaet\/\">LAG Mobilit\u00e4t<\/a><\/p>\n\n\n\n<p>Kontakt: <a href=\"mailto:mobilitaet@lag.gruene-bw.de\">mobilitaet@lag.gruene-bw.de<\/a><\/p>\n\n\n\n<p><strong>Bayern<\/strong><\/p>\n\n\n\n<p><a href=\"https:\/\/www.gruene-bayern.de\/gliederung\/lag-verkehr\/\">LAG Verkehr und Mobilit\u00e4t<\/a><\/p>\n\n\n\n<p>Kontakt: <a href=\"mailto:lag-verkehr@gruene-bayern.de\"><u>lag-verkehr@gruene-bayern.de<\/u><\/a><\/p>\n\n\n\n<p><strong>Berlin<\/strong><\/p>\n\n\n\n<p><a href=\"https:\/\/gruene.berlin\/ueber-uns\/wer-wir-sind\/landesarbeitsgemeinschaften\/lag-mobilitaet\">LAG Mobilit\u00e4t<\/a><\/p>\n\n\n\n<p>Kontakt: <a href=\"mailto:mobilitaet@gruene-berlin.de\"><u>mobilitaet@gruene-berlin.de<\/u><\/a><\/p>\n\n\n\n<p><strong>Brandenburg<\/strong><\/p>\n\n\n\n<p><a href=\"https:\/\/gruene-brandenburg.de\/mobilitaet\/\">LAG Mobilit\u00e4t<\/a><\/p>\n\n\n\n<p>Kontakt: <a href=\"mailto:lag.mobilitaet@gruene-brandenburg.de\">lag.mobilitaet@gruene-brandenburg.de<\/a><\/p>\n\n\n\n<p><strong>Bremen<\/strong><\/p>\n\n\n\n<p><a href=\"https:\/\/gruene-bremen.de\/gliederung\/lag-verkehr\/\">LAG Verkehr<\/a><\/p>\n\n\n\n<p>Kontakt: <a href=\"mailto:silviaschoen@gmx.de\"><u>silviaschoen@gmx.de<\/u><\/a><\/p>\n\n\n\n<p><strong>Hamburg<\/strong><\/p>\n\n\n\n<p><a href=\"https:\/\/www.gruene-hamburg.de\/gliederung\/lag-verkehr\/\">LAG Mobilit\u00e4t und Verkehr<\/a><\/p>\n\n\n\n<p>Kontakt: <a href=\"mailto:lag-verkehr@hamburg.gruene.de\">lag-verkehr@hamburg.gruene.de<\/a><\/p>\n\n\n\n<p><strong>Hessen<\/strong><\/p>\n\n\n\n<p><a href=\"https:\/\/www.gruene-hessen.de\/partei\/gremien\/mobilitaet\/\">LAG Mobilit\u00e4t<\/a><\/p>\n\n\n\n<p>Kontakt: <a href=\"mailto:lag-mobilitaet@gruene-hessen.de\"><u>lag-mobilitaet@gruene-hessen.de<\/u><\/a><\/p>\n\n\n\n<p><strong>Mecklenburg-Vorpommern<\/strong><\/p>\n\n\n\n<p><a href=\"https:\/\/gruene-mv.de\/mobilitaet-verkehr\/\">LAG Mobilit\u00e4t &amp; Verkehr<\/a><\/p>\n\n\n\n<p>Kontakt: <a href=\"mailto:post@lag-mobilitaet-mv.de\"><u>post@lag-mobilitaet-mv.de<\/u><\/a><\/p>\n\n\n\n<p><strong>Niedersachsen<\/strong><\/p>\n\n\n\n<p><a href=\"https:\/\/www.gruene-niedersachsen.de\/lag\/verkehr\/\">LAG Mobilit\u00e4t und Verkehr<\/a><\/p>\n\n\n\n<p>Kontakt: <a href=\"mailto:lag-verkehr@gruene-niedersachsen.de\"><u>lag-verkehr@gruene-niedersachsen.de<\/u><\/a><\/p>\n\n\n\n<p><strong>Nordrhein-Westfalen<\/strong><\/p>\n\n\n\n<p><a href=\"https:\/\/verkehr.gruene-nrw-lag.de\/\">LAG Mobilit\u00e4t und Verkehr<\/a><\/p>\n\n\n\n<p>Kontakt: <a href=\"mailto:ina.beschekrastl@gmail.com\"><u>ina.beschekrastl@gmail.com<\/u><\/a><\/p>\n\n\n\n<p><strong>Rheinland-Pfalz<\/strong><\/p>\n\n\n\n<p><a href=\"https:\/\/gruene-rlp.de\/partei\/parteistruktur-gremien\/landesarbeitsgemeinschaften\/lag-verkehr\/\">LAG Verkehr<\/a><\/p>\n\n\n\n<p>Kontakt: <a href=\"mailto:lag-verkehr@gruene-rlp.de\"><u>lag-verkehr@gruene-rlp.de<\/u><\/a><\/p>\n\n\n\n<p><strong>Saarland<\/strong><\/p>\n\n\n\n<p><a href=\"https:\/\/gruene-saar.de\/2021\/10\/lag-verkehr-2\/\">LAG Verkehr<\/a><\/p>\n\n\n\n<p>Kontakt: <a href=\"mailto:lag.verkehr.saar@use.startmail.com\">lag.verkehr.saar@use.startmail.com<\/a><\/p>\n\n\n\n<p><strong>Sachsen<\/strong><\/p>\n\n\n\n<p><a href=\"https:\/\/gruene-sachsen.de\/partei\/arbeitsgemeinschaften\/lag-mobilitaet-verkehr\/\">LAG Mobilit\u00e4t und Verkehr<\/a><\/p>\n\n\n\n<p>Kontakt: <a href=\"mailto:lag.verkehr@gruene-sachsen.de\"><u>lag.verkehr@gruene-sachsen.de<\/u><\/a><\/p>\n\n\n\n<p><strong>Sachsen-Anhalt<\/strong><\/p>\n\n\n\n<p><a href=\"http:\/\/Arbeitsgemeinschaften \u2013 GR\u00dcNE Sachsen-Anhalt (gruene-lsa.de)\">Mobilit\u00e4tswende, Vision Zero &amp; Bauen<\/a><\/p>\n\n\n\n<p><strong>Schleswig-Holstein<\/strong><\/p>\n\n\n\n<p><a href=\"https:\/\/sh-gruene.de\/blog\/gliederung\/lag-verkehr\/\">LAG Mobilit\u00e4t und Verkehr (MOVE)<\/a><\/p>\n\n\n\n<p>Kontakt: <a href=\"mailto:lag.verkehr@sh-gruene.de\"><u>lag.verkehr@sh-gruene.de<\/u><\/a><\/p>\n\n\n\n<p><strong>Th\u00fcringen<\/strong><\/p>\n\n\n\n<p><a href=\"https:\/\/gruene-thueringen.de\/landesarbeitsgemeinschaften\/\">LAG Mobilit\u00e4t und Verkehr<\/a><\/p>\n","protected":false},"excerpt":{"rendered":"<p>Baden-W\u00fcrttemberg LAG Mobilit\u00e4t Kontakt: mobilitaet@lag.gruene-bw.de Bayern LAG Verkehr und Mobilit\u00e4t Kontakt: lag-verkehr@gruene-bayern.de Berlin LAG Mobilit\u00e4t Kontakt: mobilitaet@gruene-berlin.de Brandenburg LAG Mobilit\u00e4t Kontakt: lag.mobilitaet@gruene-brandenburg.de Bremen LAG Verkehr Kontakt: silviaschoen@gmx.de Hamburg LAG Mobilit\u00e4t&#8230; <\/p>\n","protected":false},"author":9,"featured_media":0,"parent":15,"menu_order":8,"comment_status":"closed","ping_status":"closed","template":"","meta":[],"_links":{"self":[{"href":"https:\/\/www.gruene-bag-verkehr.de\/index.php?rest_route=\/wp\/v2\/pages\/604"}],"collection":[{"href":"https:\/\/www.gruene-bag-verkehr.de\/index.php?rest_route=\/wp\/v2\/pages"}],"about":[{"href":"https:\/\/www.gruene-bag-verkehr.de\/index.php?rest_route=\/wp\/v2\/types\/page"}],"author":[{"embeddable":true,"href":"https:\/\/www.gruene-bag-verkehr.de\/index.php?rest_route=\/wp\/v2\/users\/9"}],"replies":[{"embeddable":true,"href":"https:\/\/www.gruene-bag-verkehr.de\/index.php?rest_route=%2Fwp%2Fv2%2Fcomments&post=604"}],"version-history":[{"count":8,"href":"https:\/\/www.gruene-bag-verkehr.de\/index.php?rest_route=\/wp\/v2\/pages\/604\/revisions"}],"predecessor-version":[{"id":813,"href":"https:\/\/www.gruene-bag-verkehr.de\/index.php?rest_route=\/wp\/v2\/pages\/604\/revisions\/813"}],"up":[{"embeddable":true,"href":"https:\/\/www.gruene-bag-verkehr.de\/index.php?rest_route=\/wp\/v2\/pages\/15"}],"wp:attachment":[{"href":"https:\/\/www.gruene-bag-verkehr.de\/index.php?rest_route=%2Fwp%2Fv2%2Fmedia&parent=604"}],"curies":[{"name":"wp","href":"https:\/\/api.w.org\/{rel}","templated":true}]}}