{"id":612,"date":"2023-04-11T18:38:07","date_gmt":"2023-04-11T16:38:07","guid":{"rendered":"https:\/\/www.gruene-bag-verkehr.de\/?page_id=612"},"modified":"2026-02-02T17:57:12","modified_gmt":"2026-02-02T16:57:12","slug":"themenabende","status":"publish","type":"page","link":"https:\/\/www.gruene-bag-verkehr.de\/?page_id=612","title":{"rendered":"Themenabende"},"content":{"rendered":"\n<p>Die BAG MoVe veranstaltet regelm\u00e4\u00dfig sogenannte Themenabende, bei denen ein Mobilit\u00e4tsthema durch Expert:innen und Politiker:innen erl\u00e4utert wird. Hier entstehen Anregungen f\u00fcr das eigene Handeln auf allen Ebenen.<\/p>\n\n\n\n<p>Im Folgenden sind die vergangenen und kommenden Themenabende gelistet. Soweit m\u00f6glich werden vorbereitende Dokumente und gesammelten Erkenntnisse als Ergebnisse zur Verf\u00fcgung gestellt: teilweise hier auf der Webseite und teilweise in der Gr\u00fcnen Wolke.<\/p>\n\n\n\n<p><strong>28.01.2026 Pkw-Maut: Infrastrukturfinanzierung mit zus\u00e4tzlicher (\u00f6kologischer) Lenkungswirkung?<\/strong><\/p>\n\n\n\n<div class=\"wp-block-file\"><a id=\"wp-block-file--media-a77dd82d-e6b3-4ce2-8506-ecd3637704dd\" href=\"https:\/\/www.gruene-bag-verkehr.de\/wp-content\/uploads\/2026\/02\/20260128_Pkw-Maut_Friedrich.pdf\">2026_01_28_Pkw-Maut_Friedrich<\/a><a href=\"https:\/\/www.gruene-bag-verkehr.de\/wp-content\/uploads\/2026\/02\/20260128_Pkw-Maut_Friedrich.pdf\" class=\"wp-block-file__button wp-element-button\" download aria-describedby=\"wp-block-file--media-a77dd82d-e6b3-4ce2-8506-ecd3637704dd\">Herunterladen<\/a><\/div>\n\n\n\n<div class=\"wp-block-file\"><a id=\"wp-block-file--media-26678ba5-3933-485e-b0cd-0f3df4effb5b\" href=\"https:\/\/www.gruene-bag-verkehr.de\/wp-content\/uploads\/2026\/02\/BAG_Maut_HN.pdf\">2026_01_28_PKW_Maut_Frankfurt<\/a><a href=\"https:\/\/www.gruene-bag-verkehr.de\/wp-content\/uploads\/2026\/02\/BAG_Maut_HN.pdf\" class=\"wp-block-file__button wp-element-button\" download aria-describedby=\"wp-block-file--media-26678ba5-3933-485e-b0cd-0f3df4effb5b\">Herunterladen<\/a><\/div>\n\n\n\n<p><strong>21.01.2025 Verkehrsprognose 2040 und Bedarfsplan\u00fcberpr\u00fcfung (BP\u00dc) liegen vor \u2013 Welche Ansatzpunkte bieten diese f\u00fcr den Bundesmobilit\u00e4tsplan?<\/strong><\/p>\n\n\n\n<p><a href=\"https:\/\/www.gruene-bag-verkehr.de\/wp-content\/uploads\/2025\/01\/250121_Verkehrsprognosen.pdf\">2025_01_21_Praesentation_Allianz_pro_Schiene<\/a><\/p>\n\n\n\n<p><strong>17. Juli 2024, 19.00-20.30: E-Roller in Busse und Bahnen?<\/strong><\/p>\n\n\n\n<p><strong>5. Juni 2024, 19.00-20.30: \u00d6ffentlich Private Partnerschaften (\u00d6PP) als taugliches Finanzierungsmodell f\u00fcr Infrastrukturprojekte?<\/strong><\/p>\n\n\n\n<p><\/p>\n\n\n\n<p><strong>17. April 2024, 19.00-20.30: Der fl\u00e4chendeckende Ausbau von Car Sharing: <\/strong>Ein Beitrag zur Mobilit\u00e4tswende vor Ort. In Kooperation mit dem Bundesverband CarSharing e.V.<\/p>\n\n\n\n<div class=\"wp-block-file\"><a id=\"wp-block-file--media-0c7c2a5f-1214-4d6e-9eca-78dc515b8669\" href=\"https:\/\/www.gruene-bag-verkehr.de\/wp-content\/uploads\/2024\/04\/2024-04-17_1_Praesentation-Bundesverband-Car-Sharing.pdf\">2024-04-17_1_Praesentation-Bundesverband-Car-Sharing<\/a><a href=\"https:\/\/www.gruene-bag-verkehr.de\/wp-content\/uploads\/2024\/04\/2024-04-17_1_Praesentation-Bundesverband-Car-Sharing.pdf\" class=\"wp-block-file__button wp-element-button\" download aria-describedby=\"wp-block-file--media-0c7c2a5f-1214-4d6e-9eca-78dc515b8669\">Herunterladen<\/a><\/div>\n\n\n\n<div class=\"wp-block-file\"><a id=\"wp-block-file--media-9fd6b275-b9fd-4f10-b935-ef411a597693\" href=\"https:\/\/www.gruene-bag-verkehr.de\/wp-content\/uploads\/2024\/04\/2024-04-17_2_CS-als-Baustein-der-Mobilitaetswende-in-Bremen.pdf\">2024-04-17_2_CS-als-Baustein-der-Mobilitaetswende-in-Bremen<\/a><a href=\"https:\/\/www.gruene-bag-verkehr.de\/wp-content\/uploads\/2024\/04\/2024-04-17_2_CS-als-Baustein-der-Mobilitaetswende-in-Bremen.pdf\" class=\"wp-block-file__button wp-element-button\" download aria-describedby=\"wp-block-file--media-9fd6b275-b9fd-4f10-b935-ef411a597693\">Herunterladen<\/a><\/div>\n\n\n\n<div class=\"wp-block-file\"><a id=\"wp-block-file--media-b172e245-e166-49cc-94de-35e74cb55779\" href=\"https:\/\/www.gruene-bag-verkehr.de\/wp-content\/uploads\/2024\/04\/2024-04-17_4_Beitrag-zu-CarSharing-in-kleinen-Staedten_Renningen.pdf\">2024-04-17_4_Beitrag-zu-CarSharing-in-kleinen-Staedten_Renningen<\/a><a href=\"https:\/\/www.gruene-bag-verkehr.de\/wp-content\/uploads\/2024\/04\/2024-04-17_4_Beitrag-zu-CarSharing-in-kleinen-Staedten_Renningen.pdf\" class=\"wp-block-file__button wp-element-button\" download aria-describedby=\"wp-block-file--media-b172e245-e166-49cc-94de-35e74cb55779\">Herunterladen<\/a><\/div>\n\n\n\n<div class=\"wp-block-file\"><a id=\"wp-block-file--media-f6ebcd86-953d-4005-82af-57fe57f73db2\" href=\"https:\/\/www.gruene-bag-verkehr.de\/wp-content\/uploads\/2024\/04\/2024-04-17_3_Cambio_-Car-Sharing.pdf\">2024-04-17_3_Cambio_-Car-Sharing<\/a><a href=\"https:\/\/www.gruene-bag-verkehr.de\/wp-content\/uploads\/2024\/04\/2024-04-17_3_Cambio_-Car-Sharing.pdf\" class=\"wp-block-file__button wp-element-button\" download aria-describedby=\"wp-block-file--media-f6ebcd86-953d-4005-82af-57fe57f73db2\">Herunterladen<\/a><\/div>\n\n\n\n<div class=\"wp-block-file\"><a id=\"wp-block-file--media-f2b80a32-c977-45d0-9cdc-ec56753d92d7\" href=\"https:\/\/www.gruene-bag-verkehr.de\/wp-content\/uploads\/2024\/04\/2024-04-17_5_Car-Sharing_stadtmobil.pdf\">2024-04-17_5_Car-Sharing_stadtmobil<\/a><a href=\"https:\/\/www.gruene-bag-verkehr.de\/wp-content\/uploads\/2024\/04\/2024-04-17_5_Car-Sharing_stadtmobil.pdf\" class=\"wp-block-file__button wp-element-button\" download aria-describedby=\"wp-block-file--media-f2b80a32-c977-45d0-9cdc-ec56753d92d7\">Herunterladen<\/a><\/div>\n\n\n\n<div class=\"wp-block-file\"><a id=\"wp-block-file--media-b39d9b9f-8e22-490f-b8b1-59c959c7bfab\" href=\"https:\/\/www.gruene-bag-verkehr.de\/wp-content\/uploads\/2024\/04\/2024-04-17_6_Mustersatzung-des-VCD-zum-Autoteilen.pdf\">2024-04-17_6_Mustersatzung-des-VCD-zum-Autoteilen<\/a><a href=\"https:\/\/www.gruene-bag-verkehr.de\/wp-content\/uploads\/2024\/04\/2024-04-17_6_Mustersatzung-des-VCD-zum-Autoteilen.pdf\" class=\"wp-block-file__button wp-element-button\" download aria-describedby=\"wp-block-file--media-b39d9b9f-8e22-490f-b8b1-59c959c7bfab\">Herunterladen<\/a><\/div>\n\n\n\n<div class=\"wp-block-file\"><a id=\"wp-block-file--media-1ebbc8a4-53f0-4dc7-9496-004215d43fa9\" href=\"https:\/\/www.gruene-bag-verkehr.de\/wp-content\/uploads\/2024\/04\/2024-04-17_7_CarSharing_Familien.pdf\">2024-04-17_7_CarSharing_Familien<\/a><a href=\"https:\/\/www.gruene-bag-verkehr.de\/wp-content\/uploads\/2024\/04\/2024-04-17_7_CarSharing_Familien.pdf\" class=\"wp-block-file__button wp-element-button\" download aria-describedby=\"wp-block-file--media-1ebbc8a4-53f0-4dc7-9496-004215d43fa9\">Herunterladen<\/a><\/div>\n\n\n\n<p><strong>12. M\u00e4rz .2024,: Automatisiertes Fahren im \u00d6PNV<\/strong>: Beitrag f\u00fcr innovative Ideen f\u00fcr die Mobilit\u00e4t vor Ort<\/p>\n\n\n\n<p><a href=\"https:\/\/www.gruene-bag-verkehr.de\/wp-content\/uploads\/2024\/03\/2024-03-12_Automatisiertes_Fahren_Florian-Imbt.pdf\">Einf\u00fchrungsvortrag Florian Imbt<\/a><\/p>\n\n\n\n<p><a href=\"https:\/\/www.gruene-bag-verkehr.de\/wp-content\/uploads\/2024\/03\/2024-03-12_Automatisierter-oepnv_Leonetti_VDV.pdf\">Einf\u00fchrungsvortrag Emanuele Leonetti, VDV<\/a><\/p>\n\n\n\n<p>U-Shift, der autonome Bus (DLR) Marco M\u00fcnster (folgt)<\/p>\n\n\n\n<p><a href=\"https:\/\/www.gruene-bag-verkehr.de\/wp-content\/uploads\/2024\/03\/2024-03-12_Altstadtstromer-Monheim_Anja-Holdermueller.pdf\">Beispiel Monheim: Der Altstadtstromer, Anja Holderm\u00fcller<\/a><\/p>\n\n\n\n<p><strong>28.2.2024:<\/strong> <strong>Handwerk und Gewerbe: <\/strong>Durchkommen, Hinkommen, Parken. Rahmenbedingungen durch die Verkehrspolitik vor Ort f\u00fcr die \u00f6rtlichen Dienstleistern<\/p>\n\n\n\n<div class=\"wp-block-file\"><a id=\"wp-block-file--media-07fd177b-eac3-4df5-91c1-42ba66844f20\" href=\"https:\/\/www.gruene-bag-verkehr.de\/wp-content\/uploads\/2024\/02\/AKP_5_2023_Benke_Handwerk_Partner-der-Mobilitaetswende.pdf\">AKP_5_2023_Benke_Handwerk_Partner-der-Mobilitaetswende<\/a><a href=\"https:\/\/www.gruene-bag-verkehr.de\/wp-content\/uploads\/2024\/02\/AKP_5_2023_Benke_Handwerk_Partner-der-Mobilitaetswende.pdf\" class=\"wp-block-file__button wp-element-button\" download aria-describedby=\"wp-block-file--media-07fd177b-eac3-4df5-91c1-42ba66844f20\">Herunterladen<\/a><\/div>\n\n\n\n<p><strong>24.1.2024: Mobilit\u00e4tswende vor Ort<\/strong> Integrierte Verkehrsplanung im Wahlkampf \u2013 Klima &amp; Mobilit\u00e4t<\/p>\n\n\n\n<p><strong>10. 1. 2024: Beitragsfinanzierung<\/strong> Fahrscheinlos \u2013 einfach einsteigen<\/p>\n\n\n\n<p><strong>13.12.2023: Mobilit\u00e4tswende vor Ort (Kommunalwahlkampf)<\/strong> Wie wir uns auf die Kommunalwahlen vorbereiten<\/p>\n\n\n\n<p><strong>28. 11. 2023: Das geplante Stra\u00dfenverkehrsgesetz<\/strong> Was ist im Bundesrat passiert und wie kann es weitergehen?<\/p>\n\n\n\n<p><strong> 4.10.2023: Europawahlkampf<\/strong> Kommentare und Erg\u00e4nzungen BAG Mobilit\u00e4t &amp; Verkehr zum Entwurf des Europawahlprogramms<\/p>\n\n\n\n<p><strong>22.6.2023: Anwohnerparken 2.0.<\/strong> Erste Erkenntnisse und Handlungsempfehlungen aus dem Urteil des Bundesverwaltungsgerichtes vom 13.6.2023<\/p>\n\n\n\n<p><strong>12.6.2023: Europawahlprogramm: Input der BAG MoVe<\/strong><\/p>\n\n\n\n<p><\/p>\n\n\n\n<p><strong>7.6.2023: Wohnen und Mobilit\u00e4t III: (Freie) Stra\u00dfen f\u00fcr Menschen<\/strong><\/p>\n\n\n\n<p><em>Hinweise:<\/em> <a href=\"https:\/\/www.strassen-befreien.de\/\">https:\/\/www.strassen-befreien.de\/<\/a><\/p>\n\n\n\n<p><strong>31.5.2023: Wird die Deutsche Bahn zur Gemeinwohl-Bahn?<\/strong><\/p>\n\n\n\n<p><a href=\"https:\/\/www.gruene-bag-verkehr.de\/wp-content\/uploads\/2023\/06\/2023-05-31_InfraGo_Matthias-Gastel.pdf\">Vortrag Mathias Gastel<\/a><\/p>\n\n\n\n<p><strong>24.5. 2023: <strong>Aktuelles zum Bundesverkehrswegeplan und dem Rundschreiben des BMDV zur Ber\u00fccksichtigung von Klimawirkungen im Fernstra\u00dfenbau<\/strong><\/strong><\/p>\n\n\n\n<p>     <em>Hinweise:<\/em> <\/p>\n\n\n\n<p><a href=\"https:\/\/bmdv.bund.de\/SharedDocs\/DE\/Anlage\/StB\/ars-aktuell\/allgemeines-rundschreiben-strassenbau-2023-03.pdf?__blob=publicationFile\">https:\/\/bmdv.bund.de\/SharedDocs\/DE\/Anlage\/StB\/ars-aktuell\/allgemeines-rundschreiben-strassenbau-2023-03.pdf?__blob=publicationFile<\/a><\/p>\n\n\n\n<p>Green Legal Impact, FQA: <a href=\"https:\/\/www.greenlegal.eu\/wp\/wp-content\/uploads\/2022\/12\/GLI_FAQ_Fragen-zur-Bundesverkehrswegeplanung_Stand_20_12_2022.pdf\">https:\/\/www.greenlegal.eu\/wp\/wp-content\/uploads\/2022\/12\/GLI_FAQ_Fragen-zur-Bundesverkehrswegeplanung_Stand_20_12_2022.pdf<\/a><\/p>\n\n\n\n<p><strong>26.4.2023: Wohnen und Mobilit\u00e4t II: Autobefreite Wohnquartiere<\/strong><\/p>\n\n\n\n<p>K\u00f6ln-Nippes: <a href=\"https:\/\/www.gruene-bag-verkehr.de\/wp-content\/uploads\/2023\/04\/Vortrag-1_H-G-Kleinmann_Paradigmenwechsel-beim-Siedlungsneubau_BAG-MoVe-26-April-2023.pdf\">Paradigmenwechsel beim Siedlungsneubau<\/a><\/p>\n\n\n\n<p>Hamburg Ottensen: <a href=\"https:\/\/www.gruene-bag-verkehr.de\/wp-content\/uploads\/2023\/05\/Vortrag-2_Hamburg-Ottensen_Stefanie-von-Berg_BAG-MoVe_23-04-26.pdf\">Hamburg Planungsgebiet Ottensen<\/a> &amp; <a href=\"https:\/\/www.hamburg.de\/altona\/freiraumottensen\/\">https:\/\/www.hamburg.de\/altona\/freiraumottensen\/<\/a> <\/p>\n\n\n\n<p>VCS: <a href=\"https:\/\/www.gruene-bag-verkehr.de\/wp-content\/uploads\/2023\/04\/Vortrag-3_Autoarmes-Wohnen-in-der-Schweiz_VCS_26-Aptil-2023.pdf\">Autoarmes Wohnen in der Schweiz<\/a><\/p>\n\n\n\n<p>Darmstadt: <a href=\"https:\/\/www.gruene-bag-verkehr.de\/wp-content\/uploads\/2023\/04\/Vortrag-4_Iris-Behr_Lincoln-Darmstadt_-BAG-MoVe_23-04-26.pdf\">Neuer Stadtteil Lincoln <\/a><\/p>\n\n\n\n<p><a href=\"https:\/\/www.gruene-bag-verkehr.de\/wp-content\/uploads\/2023\/04\/Vortrag-5_Yoann-Thiemann_-Rechtlicher-Rahmen-fuer-autobefreites-Wohnen_BAG-MoVe-26-April-2023.pdf\">Rechtlicher Rahmen f\u00fcr autobefreites Wohnen<\/a><\/p>\n\n\n\n<p>NachhaltigeMobilit\u00e4tskonzepte f\u00fcr Quartiere, der neue Standard: <a href=\"https:\/\/www.gruene-bag-verkehr.de\/wp-content\/uploads\/2023\/04\/Vortrag-6_Schlussfolgerungen_Gisela-stete_BAG-MoVe_26-April-2023.pdf\">Schlu\u00dffolgerungen<\/a><\/p>\n\n\n\n<p><a href=\"https:\/\/www.gruene-bag-verkehr.de\/wp-content\/uploads\/2023\/05\/Autoarmes-Wohnen_Kurzbericht-BAG-Themenabend-26-April-2023-3.pdf\">Kurzbericht<\/a><\/p>\n\n\n\n<p><strong>17.4.2023: Verkehrsdaten und -prognosen<\/strong><\/p>\n\n\n\n<p><a href=\"https:\/\/www.gruene-bag-verkehr.de\/wp-content\/uploads\/2023\/04\/Vortrag_Axel-Friedrich_Steuerung-statt-Prognosen_17-April-2023-BAG-Themenabend.pdf\">Das Sektorziel Verkehr braucht Steuerung statt \u201ePrognose\u201c &#8211; Dr. Axel Friedrich<\/a><\/p>\n\n\n\n<p><a href=\"https:\/\/www.gruene-bag-verkehr.de\/wp-content\/uploads\/2023\/04\/Vortrag_Reh-Hartl_Verkehrsprognosen_17.04.2023_BAG-Themenabend_vorlaeufig.pdf\">Die Verkehrsprognosen 2040 und 2051 &#8211; Dr. Werner Reh<\/a><\/p>\n\n\n\n<p><a href=\"https:\/\/www.gruene-bag-verkehr.de\/wp-content\/uploads\/2023\/04\/Vortrag_Heinfellner_-17-April-2023_BAG-MoVe_StrassenbauvorhabenVerkehrsprognosen_Beispiel-Oesterreich.pdf\">Stra\u00dfenbau &amp; Klimaziele: Verkehrsmodell \u00d6sterreich &#8211; Holger Heinfellner<\/a><\/p>\n\n\n\n<p>1.4.2023: Bundesweiter Kongress \u201eKreislaufwirtschaft\u201c<\/p>\n\n\n\n<p><\/p>\n\n\n\n<p><strong>30.3.2023: Die Koalitionsvereinbarung aus verkehrlicher Sicht<\/strong><\/p>\n\n\n\n<p><strong>29.3.2023: Wohnen und Mobilit\u00e4t I: Konzepte zur Kooperation vor Ort<\/strong><\/p>\n\n\n\n<p>Bundesweites Netzwerk Wohnen und Mobilit\u00e4t: <a href=\"https:\/\/www.gruene-bag-verkehr.de\/wp-content\/uploads\/2023\/05\/Vortrag_VCD_Wohnen-Mobilitaet_BAG-Themenabend-29-Maerz-2023.pdf\">Vortrag des VCDs <\/a> <\/p>\n\n\n\n<p><em>Dokumente:<\/em> Charta: \u201eIntelligente Mobilit\u00e4t im Wohnquartier\u201c : https:\/\/intelligentmobil.de\/fileadmin\/user_upload\/Redaktion\/Charta\/Charta_Intelligente_Mobilitaet_im_Wohnquartier.pdf und: Handlungsleitfaden \u00bbIntelligent Mobil im Wohnquartier\u00ab des VCD: https:\/\/intelligentmobil.de\/handlungsleitfaden<\/p>\n\n\n\n<p><strong>1.3.2023: Elektrische Leichtfahrzeuge und ihr Potential zur CO2-Einsparung<\/strong><\/p>\n\n\n\n<p>Elektrische Leichtfahrzeuge als gro\u00dfes Potential zur CO2-Minderung im Verkehr: Vortrag DLR<\/p>\n\n\n\n<p>Hinweis: https:\/\/www.dlr.de\/de\/aktuelles\/nachrichten\/2022\/01\/20220324_weniger-emissionen-durch-elektrische-leichtfahrzeuge<\/p>\n\n\n\n<p><strong>17.3.2023:<\/strong> Europakongress der Gr\u00fcnen mit mehreren Workshops zum Verkehr<\/p>\n\n\n\n<p><strong>23.2.2023: Sektorziel Verkehr: Wir brauchen mehr als Elektrifizierung<\/strong><\/p>\n\n\n\n<p><strong>8.2.2023: Cannabis im Stra\u00dfenverkehr, wie gehen wir damit um?<\/strong><\/p>\n\n\n\n<p><strong>18.1.2023: Zum Stand des (neuen) Stra\u00dfenverkehrsgesetzes<\/strong><\/p>\n\n\n\n<p><strong>12.1.2023: Neue Konzepte zur \u00d6PNV-Finanzierung<\/strong><\/p>\n\n\n\n<p class=\"has-medium-font-size\"><strong>2022<\/strong><\/p>\n\n\n\n<p> <em> In Vorbereitung zu diesem Abend hat sich der AK <a href=\"https:\/\/www.gruene-bag-verkehr.de\/?page_id=403\">\u00d6PNV Finanzierung<\/a> der BAG gegr\u00fcndet.<\/em><\/p>\n\n\n\n<p><strong>20.12. 2022: Aktuelles zum Bundesverkehrswegeplan &amp; Co<\/strong><\/p>\n\n\n\n<p><strong>8.12.2022: Jahresr\u00fcckblick und -ausblick der BAG MoVe<\/strong><\/p>\n\n\n\n<p><strong>10.11. 2022: Klimamobilit\u00e4tspl\u00e4ne (Vertiefung): Was L\u00e4nder den Kommunen erm\u00f6glichen<\/strong><\/p>\n\n\n\n<p>     <em>Aus diesem Abend hat sich der AK <a href=\"https:\/\/www.gruene-bag-verkehr.de\/?page_id=416\">Klima und Verkehr<\/a> der BAG gegr\u00fcndet<\/em>.<\/p>\n\n\n\n<p>     <em>Vortrag: <a href=\"https:\/\/www.gruene-bag-verkehr.de\/wp-content\/uploads\/2022\/11\/2022-11-10-BAG-Klimamobilitaetsplaene-BAG-22-11-10_Niklas-Sieber.pdf\">Klimamobilit\u00e4tspl\u00e4ne<\/a> (Niklas Sieber) und: <\/em>Mobilit\u00e4t Klimamobilit\u00e4tsplan <a href=\"https:\/\/www.gruene-bag-verkehr.de\/wp-content\/uploads\/2022\/11\/2022-11-10-BAG-Mobilitaet-Klimamobilitaetsplan_Freiburg_Hannes-Wagner.pdf\">Freiburg<\/a> Hannes Wagner<\/p>\n\n\n\n<p><\/p>\n\n\n\n<p><strong>2. 11. 2022: Anwohnerparken<\/strong><\/p>\n\n\n\n<p>Bewohner:innenparkgeb\u00fchren: Eine \u00dcbersicht der BAG und Argumentationshilfen f\u00fcr die Arbeit vor Ort. Diese Ver\u00f6ffentlichung wurde im <a href=\"https:\/\/www.gruene-bag-verkehr.de\/wp-content\/uploads\/2024\/04\/Handreichung-zum-Bewohnerinnenparken_Stand-2024-03-31.pdf\">M\u00e4rz 2024 durch eine aktuelle Handreichung der BAG<\/a> zum Bewohner*innenparken ersetzt. Siehe &#8222;Unsere Themen&#8220;.<\/p>\n\n\n\n<p> <a href=\"https:\/\/www.gruene-bag-verkehr.de\/wp-content\/uploads\/2022\/09\/AKP-5_2022_Anwohnerparken_Monika-Zimmermann-fuer-BAG.pdf\">Ungenutzte Spielr\u00e4ume und ein hilfreiches Urteil: AKP-Artikel zum Bewohner*innenparken<\/a><\/p>\n\n\n\n<p><strong>15.9.2022: Klimamobilit\u00e4tspl\u00e4ne in Baden-W\u00fcrttemberg<\/strong><\/p>\n\n\n\n<p><strong>30.8.2022: Fu\u00dfverkehr<\/strong><\/p>\n\n\n\n<p><\/p>\n\n\n\n<p><strong>11.7.2022: Drohnen \u00fcber unseren K\u00f6pfen?<\/strong><\/p>\n\n\n\n<p>     <em>Aus diesem Abend hat sich der <a href=\"https:\/\/www.gruene-bag-verkehr.de\/?page_id=488\">AK Drohnen<\/a><\/em> <em>der BAG <\/em>gegr\u00fcndet.<\/p>\n\n\n\n<p><strong>23.6.2022: Das 9-Euro-Ticket<\/strong><\/p>\n","protected":false},"excerpt":{"rendered":"<p>Die BAG MoVe veranstaltet regelm\u00e4\u00dfig sogenannte Themenabende, bei denen ein Mobilit\u00e4tsthema durch Expert:innen und Politiker:innen erl\u00e4utert wird. Hier entstehen Anregungen f\u00fcr das eigene Handeln auf allen Ebenen. Im Folgenden sind&#8230; <\/p>\n","protected":false},"author":9,"featured_media":0,"parent":0,"menu_order":5,"comment_status":"closed","ping_status":"closed","template":"","meta":[],"_links":{"self":[{"href":"https:\/\/www.gruene-bag-verkehr.de\/index.php?rest_route=\/wp\/v2\/pages\/612"}],"collection":[{"href":"https:\/\/www.gruene-bag-verkehr.de\/index.php?rest_route=\/wp\/v2\/pages"}],"about":[{"href":"https:\/\/www.gruene-bag-verkehr.de\/index.php?rest_route=\/wp\/v2\/types\/page"}],"author":[{"embeddable":true,"href":"https:\/\/www.gruene-bag-verkehr.de\/index.php?rest_route=\/wp\/v2\/users\/9"}],"replies":[{"embeddable":true,"href":"https:\/\/www.gruene-bag-verkehr.de\/index.php?rest_route=%2Fwp%2Fv2%2Fcomments&post=612"}],"version-history":[{"count":53,"href":"https:\/\/www.gruene-bag-verkehr.de\/index.php?rest_route=\/wp\/v2\/pages\/612\/revisions"}],"predecessor-version":[{"id":873,"href":"https:\/\/www.gruene-bag-verkehr.de\/index.php?rest_route=\/wp\/v2\/pages\/612\/revisions\/873"}],"wp:attachment":[{"href":"https:\/\/www.gruene-bag-verkehr.de\/index.php?rest_route=%2Fwp%2Fv2%2Fmedia&parent=612"}],"curies":[{"name":"wp","href":"https:\/\/api.w.org\/{rel}","templated":true}]}}